{"id":34,"date":"2026-01-18T18:51:41","date_gmt":"2026-01-18T18:51:41","guid":{"rendered":"https:\/\/annualreport.afmc.ca\/?page_id=34"},"modified":"2026-02-23T10:41:50","modified_gmt":"2026-02-23T15:41:50","slug":"shaping-national-education-standards","status":"publish","type":"page","link":"https:\/\/annualreport.afmc.ca\/fr\/shaping-national-education-standards\/","title":{"rendered":"Domaine d'impact 01 \u2014 Fa\u00e7onner les normes nationales en \u00e9ducation"},"content":{"rendered":"<div data-elementor-type=\"wp-page\" data-elementor-id=\"34\" class=\"elementor elementor-34\" data-elementor-post-type=\"page\">\n\t\t\t\t\t\t<section class=\"elementor-section elementor-top-section elementor-element elementor-element-d0ce2d2 elementor-section-full_width elementor-section-height-default elementor-section-height-default\" data-id=\"d0ce2d2\" data-element_type=\"section\" data-settings=\"{&quot;sticky&quot;:&quot;top&quot;,&quot;sticky_offset&quot;:100,&quot;sticky_offset_mobile&quot;:85,&quot;sticky_on&quot;:[&quot;desktop&quot;,&quot;tablet&quot;,&quot;mobile&quot;],&quot;sticky_effects_offset&quot;:0,&quot;sticky_anchor_link_offset&quot;:0}\">\n\t\t\t\t\t\t<div class=\"elementor-container elementor-column-gap-default\">\n\t\t\t\t\t<div class=\"elementor-column elementor-col-100 elementor-top-column elementor-element elementor-element-442c546\" data-id=\"442c546\" data-element_type=\"column\">\n\t\t\t<div class=\"elementor-widget-wrap elementor-element-populated\">\n\t\t\t\t\t\t<div class=\"elementor-element elementor-element-4ab9733 elementor-widget elementor-widget-progress-tracker\" data-id=\"4ab9733\" data-element_type=\"widget\" data-settings=\"{&quot;type&quot;:&quot;horizontal&quot;,&quot;relative_to&quot;:&quot;entire_page&quot;,&quot;percentage&quot;:&quot;no&quot;}\" data-widget_type=\"progress-tracker.default\">\n\t\t\t\t\t\n\t\t<div class=\"elementor-scrolling-tracker elementor-scrolling-tracker-horizontal elementor-scrolling-tracker-alignment-\">\n\t\t\t\t\t\t<div class=\"current-progress\">\n\t\t\t\t\t<div class=\"current-progress-percentage\"><\/div>\n\t\t\t\t<\/div>\n\t\t\t\t<\/div>\n\t\t\t\t\t\t<\/div>\n\t\t\t\t\t<\/div>\n\t\t<\/div>\n\t\t\t\t\t<\/div>\n\t\t<\/section>\n\t\t\t\t<section class=\"elementor-section elementor-top-section elementor-element elementor-element-e6cf616 elementor-section-height-min-height elementor-section-boxed elementor-section-height-default elementor-section-items-middle\" data-id=\"e6cf616\" data-element_type=\"section\" data-settings=\"{&quot;background_background&quot;:&quot;classic&quot;}\">\n\t\t\t\t\t\t<div class=\"elementor-container elementor-column-gap-default\">\n\t\t\t\t\t<div class=\"elementor-column elementor-col-100 elementor-top-column elementor-element elementor-element-52d4464\" data-id=\"52d4464\" data-element_type=\"column\">\n\t\t\t<div class=\"elementor-widget-wrap elementor-element-populated\">\n\t\t\t\t\t\t<div class=\"elementor-element elementor-element-f9228ad animated-slow elementor-invisible elementor-widget elementor-widget-heading\" data-id=\"f9228ad\" data-element_type=\"widget\" data-settings=\"{&quot;_animation&quot;:&quot;fadeIn&quot;}\" data-widget_type=\"heading.default\">\n\t\t\t\t\t<h1 class=\"elementor-heading-title elementor-size-default\">01<\/h1>\t\t\t\t<\/div>\n\t\t\t\t<div class=\"elementor-element elementor-element-dbb7413 animated-slow elementor-invisible elementor-widget elementor-widget-heading\" data-id=\"dbb7413\" data-element_type=\"widget\" data-settings=\"{&quot;_animation&quot;:&quot;fadeIn&quot;,&quot;_animation_delay&quot;:250}\" data-widget_type=\"heading.default\">\n\t\t\t\t\t<h2 class=\"elementor-heading-title elementor-size-default\">Fa\u00e7onner les normes nationales en \u00e9ducation<\/h2>\t\t\t\t<\/div>\n\t\t\t\t<div class=\"elementor-element elementor-element-2fc2ac2 elementor-widget elementor-widget-spacer\" data-id=\"2fc2ac2\" data-element_type=\"widget\" data-widget_type=\"spacer.default\">\n\t\t\t\t\t\t\t<div class=\"elementor-spacer\">\n\t\t\t<div class=\"elementor-spacer-inner\"><\/div>\n\t\t<\/div>\n\t\t\t\t\t\t<\/div>\n\t\t\t\t<div class=\"elementor-element elementor-element-2a56608 animated-slow elementor-invisible elementor-widget elementor-widget-text-editor\" data-id=\"2a56608\" data-element_type=\"widget\" data-settings=\"{&quot;_animation&quot;:&quot;fadeIn&quot;,&quot;_animation_delay&quot;:500}\" data-widget_type=\"text-editor.default\">\n\t\t\t\t\t\t\t\t\t<p>Nous mobilisons l\u2019expertise nationale afin de renforcer et d\u2019harmoniser les normes de l\u2019\u00e9ducation m\u00e9dicale au Canada.<\/p>\t\t\t\t\t\t\t\t<\/div>\n\t\t\t\t\t<\/div>\n\t\t<\/div>\n\t\t\t\t\t<\/div>\n\t\t<\/section>\n\t\t\t\t<section class=\"elementor-section elementor-top-section elementor-element elementor-element-7b64871 elementor-section-boxed elementor-section-height-default elementor-section-height-default\" data-id=\"7b64871\" data-element_type=\"section\" data-settings=\"{&quot;background_background&quot;:&quot;classic&quot;}\">\n\t\t\t\t\t\t\t<div class=\"elementor-background-overlay\"><\/div>\n\t\t\t\t\t\t\t<div class=\"elementor-container elementor-column-gap-default\">\n\t\t\t\t\t<div class=\"elementor-column elementor-col-33 elementor-top-column elementor-element elementor-element-66dba8f\" data-id=\"66dba8f\" data-element_type=\"column\">\n\t\t\t<div class=\"elementor-widget-wrap elementor-element-populated\">\n\t\t\t\t\t\t<section class=\"elementor-section elementor-inner-section elementor-element elementor-element-3d41178 elementor-section-boxed elementor-section-height-default elementor-section-height-default elementor-invisible\" data-id=\"3d41178\" data-element_type=\"section\" data-settings=\"{&quot;sticky&quot;:&quot;top&quot;,&quot;sticky_offset&quot;:120,&quot;sticky_parent&quot;:&quot;yes&quot;,&quot;animation&quot;:&quot;fadeInUp&quot;,&quot;sticky_on&quot;:[&quot;desktop&quot;,&quot;tablet&quot;,&quot;mobile&quot;],&quot;sticky_effects_offset&quot;:0,&quot;sticky_anchor_link_offset&quot;:0}\">\n\t\t\t\t\t\t<div class=\"elementor-container elementor-column-gap-default\">\n\t\t\t\t\t<div class=\"elementor-column elementor-col-100 elementor-inner-column elementor-element elementor-element-3656faf\" data-id=\"3656faf\" data-element_type=\"column\">\n\t\t\t<div class=\"elementor-widget-wrap elementor-element-populated\">\n\t\t\t\t\t\t<div class=\"elementor-element elementor-element-564e763 elementor-widget elementor-widget-heading\" data-id=\"564e763\" data-element_type=\"widget\" data-widget_type=\"heading.default\">\n\t\t\t\t\t<h5 class=\"elementor-heading-title elementor-size-default\">Domaine d'impact 1\u2014<\/h5>\t\t\t\t<\/div>\n\t\t\t\t<div class=\"elementor-element elementor-element-6ff95e5 elementor-widget elementor-widget-text-editor\" data-id=\"6ff95e5\" data-element_type=\"widget\" data-widget_type=\"text-editor.default\">\n\t\t\t\t\t\t\t\t\t<p>Fa\u00e7onner les normes nationales en \u00e9ducation<\/p>\t\t\t\t\t\t\t\t<\/div>\n\t\t\t\t<div class=\"elementor-element elementor-element-11017db elementor-widget-divider--view-line elementor-widget elementor-widget-divider\" data-id=\"11017db\" data-element_type=\"widget\" data-widget_type=\"divider.default\">\n\t\t\t\t\t\t\t<div class=\"elementor-divider\">\n\t\t\t<span class=\"elementor-divider-separator\">\n\t\t\t\t\t\t<\/span>\n\t\t<\/div>\n\t\t\t\t\t\t<\/div>\n\t\t\t\t<div class=\"elementor-element elementor-element-a91f1d2 elementor-widget elementor-widget-text-editor\" data-id=\"a91f1d2\" data-element_type=\"widget\" data-widget_type=\"text-editor.default\">\n\t\t\t\t\t\t\t\t\t<p>Aller \u00e0...<\/p>\t\t\t\t\t\t\t\t<\/div>\n\t\t\t\t<section class=\"make-column-clickable-elementor elementor-section elementor-inner-section elementor-element elementor-element-024655c elementor-section-boxed elementor-section-height-default elementor-section-height-default\" style=\"cursor: pointer;\" data-column-clickable=\"#Celebrating\" data-column-clickable-blank=\"_self\" data-id=\"024655c\" data-element_type=\"section\" data-settings=\"{&quot;background_background&quot;:&quot;classic&quot;}\">\n\t\t\t\t\t\t<div class=\"elementor-container elementor-column-gap-default\">\n\t\t\t\t\t<div class=\"elementor-column elementor-col-100 elementor-inner-column elementor-element elementor-element-1aca3db\" data-id=\"1aca3db\" data-element_type=\"column\" data-settings=\"{&quot;background_background&quot;:&quot;classic&quot;}\">\n\t\t\t<div class=\"elementor-widget-wrap elementor-element-populated\">\n\t\t\t\t\t\t<div class=\"elementor-element elementor-element-9525cb6 elementor-widget elementor-widget-text-editor\" data-id=\"9525cb6\" data-element_type=\"widget\" data-widget_type=\"text-editor.default\">\n\t\t\t\t\t\t\t\t\t<p>C\u00e9l\u00e9brer l'impact collectif de nos comit\u00e9s<\/p>\t\t\t\t\t\t\t\t<\/div>\n\t\t\t\t\t<\/div>\n\t\t<\/div>\n\t\t\t\t\t<\/div>\n\t\t<\/section>\n\t\t\t\t<section class=\"make-column-clickable-elementor elementor-section elementor-inner-section elementor-element elementor-element-4960a82 elementor-section-boxed elementor-section-height-default elementor-section-height-default\" style=\"cursor: pointer;\" data-column-clickable=\"#Building\" data-column-clickable-blank=\"_self\" data-id=\"4960a82\" data-element_type=\"section\" data-settings=\"{&quot;background_background&quot;:&quot;classic&quot;}\">\n\t\t\t\t\t\t<div class=\"elementor-container elementor-column-gap-default\">\n\t\t\t\t\t<div class=\"elementor-column elementor-col-100 elementor-inner-column elementor-element elementor-element-7cc3168\" data-id=\"7cc3168\" data-element_type=\"column\" data-settings=\"{&quot;background_background&quot;:&quot;classic&quot;}\">\n\t\t\t<div class=\"elementor-widget-wrap elementor-element-populated\">\n\t\t\t\t\t\t<div class=\"elementor-element elementor-element-fc5d289 elementor-widget elementor-widget-text-editor\" data-id=\"fc5d289\" data-element_type=\"widget\" data-widget_type=\"text-editor.default\">\n\t\t\t\t\t\t\t\t\t<p>Cr\u00e9er des espaces plus s\u00fbrs et inclusifs en \u00e9ducation m\u00e9dicale<\/p>\t\t\t\t\t\t\t\t<\/div>\n\t\t\t\t\t<\/div>\n\t\t<\/div>\n\t\t\t\t\t<\/div>\n\t\t<\/section>\n\t\t\t\t<section class=\"make-column-clickable-elementor elementor-section elementor-inner-section elementor-element elementor-element-8258ea5 elementor-section-boxed elementor-section-height-default elementor-section-height-default\" style=\"cursor: pointer;\" data-column-clickable=\"#Standing\" data-column-clickable-blank=\"_self\" data-id=\"8258ea5\" data-element_type=\"section\" data-settings=\"{&quot;background_background&quot;:&quot;classic&quot;}\">\n\t\t\t\t\t\t<div class=\"elementor-container elementor-column-gap-default\">\n\t\t\t\t\t<div class=\"elementor-column elementor-col-100 elementor-inner-column elementor-element elementor-element-12800a0\" data-id=\"12800a0\" data-element_type=\"column\" data-settings=\"{&quot;background_background&quot;:&quot;classic&quot;}\">\n\t\t\t<div class=\"elementor-widget-wrap elementor-element-populated\">\n\t\t\t\t\t\t<div class=\"elementor-element elementor-element-66fc839 elementor-widget elementor-widget-text-editor\" data-id=\"66fc839\" data-element_type=\"widget\" data-widget_type=\"text-editor.default\">\n\t\t\t\t\t\t\t\t\t<p>Unis pour l'\u00e9quit\u00e9 et l'inclusion<\/p>\t\t\t\t\t\t\t\t<\/div>\n\t\t\t\t\t<\/div>\n\t\t<\/div>\n\t\t\t\t\t<\/div>\n\t\t<\/section>\n\t\t\t\t<section class=\"make-column-clickable-elementor elementor-section elementor-inner-section elementor-element elementor-element-1b232d9 elementor-section-boxed elementor-section-height-default elementor-section-height-default\" style=\"cursor: pointer;\" data-column-clickable=\"#Promoting\" data-column-clickable-blank=\"_self\" data-id=\"1b232d9\" data-element_type=\"section\" data-settings=\"{&quot;background_background&quot;:&quot;classic&quot;}\">\n\t\t\t\t\t\t<div class=\"elementor-container elementor-column-gap-default\">\n\t\t\t\t\t<div class=\"elementor-column elementor-col-100 elementor-inner-column elementor-element elementor-element-ca086ac\" data-id=\"ca086ac\" data-element_type=\"column\" data-settings=\"{&quot;background_background&quot;:&quot;classic&quot;}\">\n\t\t\t<div class=\"elementor-widget-wrap elementor-element-populated\">\n\t\t\t\t\t\t<div class=\"elementor-element elementor-element-8261fe8 elementor-widget elementor-widget-text-editor\" data-id=\"8261fe8\" data-element_type=\"widget\" data-widget_type=\"text-editor.default\">\n\t\t\t\t\t\t\t\t\t<p>Promouvoir l'accessibilit\u00e9 et l'inclusion des apprenant.e.s handicap\u00e9s<\/p>\t\t\t\t\t\t\t\t<\/div>\n\t\t\t\t\t<\/div>\n\t\t<\/div>\n\t\t\t\t\t<\/div>\n\t\t<\/section>\n\t\t\t\t<section class=\"make-column-clickable-elementor elementor-section elementor-inner-section elementor-element elementor-element-e65e7ac elementor-section-boxed elementor-section-height-default elementor-section-height-default\" style=\"cursor: pointer;\" data-column-clickable=\"#Advancing\" data-column-clickable-blank=\"_self\" data-id=\"e65e7ac\" data-element_type=\"section\" data-settings=\"{&quot;background_background&quot;:&quot;classic&quot;}\">\n\t\t\t\t\t\t<div class=\"elementor-container elementor-column-gap-default\">\n\t\t\t\t\t<div class=\"elementor-column elementor-col-100 elementor-inner-column elementor-element elementor-element-763e070\" data-id=\"763e070\" data-element_type=\"column\" data-settings=\"{&quot;background_background&quot;:&quot;classic&quot;}\">\n\t\t\t<div class=\"elementor-widget-wrap elementor-element-populated\">\n\t\t\t\t\t\t<div class=\"elementor-element elementor-element-038bd36 elementor-widget elementor-widget-text-editor\" data-id=\"038bd36\" data-element_type=\"widget\" data-widget_type=\"text-editor.default\">\n\t\t\t\t\t\t\t\t\t<p>Favoriser la responsabilisation gr\u00e2ce \u00e0 un leadership dirig\u00e9 par les Noirs<\/p>\t\t\t\t\t\t\t\t<\/div>\n\t\t\t\t\t<\/div>\n\t\t<\/div>\n\t\t\t\t\t<\/div>\n\t\t<\/section>\n\t\t\t\t\t<\/div>\n\t\t<\/div>\n\t\t\t\t\t<\/div>\n\t\t<\/section>\n\t\t\t\t\t<\/div>\n\t\t<\/div>\n\t\t\t\t<div class=\"elementor-column elementor-col-66 elementor-top-column elementor-element elementor-element-dcb2d08\" data-id=\"dcb2d08\" data-element_type=\"column\">\n\t\t\t<div class=\"elementor-widget-wrap elementor-element-populated\">\n\t\t\t\t\t\t<section class=\"elementor-section elementor-inner-section elementor-element elementor-element-2e9775a animated-slow elementor-section-boxed elementor-section-height-default elementor-section-height-default elementor-invisible\" data-id=\"2e9775a\" data-element_type=\"section\" data-settings=\"{&quot;animation&quot;:&quot;fadeIn&quot;,&quot;animation_delay&quot;:750}\">\n\t\t\t\t\t\t<div class=\"elementor-container elementor-column-gap-default\">\n\t\t\t\t\t<div class=\"elementor-column elementor-col-100 elementor-inner-column elementor-element elementor-element-9d0426d\" data-id=\"9d0426d\" data-element_type=\"column\">\n\t\t\t<div class=\"elementor-widget-wrap elementor-element-populated\">\n\t\t\t\t\t\t<div class=\"elementor-element elementor-element-0f785cb elementor-widget elementor-widget-spacer\" data-id=\"0f785cb\" data-element_type=\"widget\" id=\"Celebrating\" data-widget_type=\"spacer.default\">\n\t\t\t\t\t\t\t<div class=\"elementor-spacer\">\n\t\t\t<div class=\"elementor-spacer-inner\"><\/div>\n\t\t<\/div>\n\t\t\t\t\t\t<\/div>\n\t\t\t\t<div class=\"elementor-element elementor-element-5c5f68b elementor-widget elementor-widget-heading\" data-id=\"5c5f68b\" data-element_type=\"widget\" data-widget_type=\"heading.default\">\n\t\t\t\t\t<h4 class=\"elementor-heading-title elementor-size-default\">C\u00e9l\u00e9brer l'impact collectif de nos comit\u00e9s<\/h4>\t\t\t\t<\/div>\n\t\t\t\t<section class=\"elementor-section elementor-inner-section elementor-element elementor-element-11e65af elementor-section-boxed elementor-section-height-default elementor-section-height-default\" data-id=\"11e65af\" data-element_type=\"section\">\n\t\t\t\t\t\t<div class=\"elementor-container elementor-column-gap-default\">\n\t\t\t\t\t<div class=\"elementor-column elementor-col-50 elementor-inner-column elementor-element elementor-element-8e9f670\" data-id=\"8e9f670\" data-element_type=\"column\">\n\t\t\t<div class=\"elementor-widget-wrap elementor-element-populated\">\n\t\t\t\t\t\t<div class=\"elementor-element elementor-element-2c00bba elementor-widget elementor-widget-text-editor\" data-id=\"2c00bba\" data-element_type=\"widget\" data-widget_type=\"text-editor.default\">\n\t\t\t\t\t\t\t\t\t<p>Les trois comit\u00e9s permanents de l'AFMC, soutenus par 34 comit\u00e9s et r\u00e9seaux, r\u00e9unissent des repr\u00e9sentants des 19 facult\u00e9s de m\u00e9decine du Canada, des \u00e9tudiant.e.s et des collaborateurs cl\u00e9s. Ces b\u00e9n\u00e9voles d\u00e9vou\u00e9s transforment la strat\u00e9gie en action, favorisant ainsi une transformation profonde de la m\u00e9decine universitaire. Bien que leurs contributions aient \u00e9t\u00e9 nombreuses cette ann\u00e9e, les faits saillants ci-dessous mettent en \u00e9vidence certaines des r\u00e9alisations les plus marquantes dans les trois piliers strat\u00e9giques de l'AFMC : l'\u00e9ducation, la recherche et la responsabilit\u00e9 sociale.<\/p>\t\t\t\t\t\t\t\t<\/div>\n\t\t\t\t\t<\/div>\n\t\t<\/div>\n\t\t\t\t<div class=\"elementor-column elementor-col-50 elementor-inner-column elementor-element elementor-element-7fdf195\" data-id=\"7fdf195\" data-element_type=\"column\">\n\t\t\t<div class=\"elementor-widget-wrap elementor-element-populated\">\n\t\t\t\t\t\t<div class=\"elementor-element elementor-element-126ded9 elementor-absolute elementor-view-default elementor-widget elementor-widget-icon\" data-id=\"126ded9\" data-element_type=\"widget\" data-settings=\"{&quot;_position&quot;:&quot;absolute&quot;}\" data-widget_type=\"icon.default\">\n\t\t\t\t\t\t\t<div class=\"elementor-icon-wrapper\">\n\t\t\t<div class=\"elementor-icon\">\n\t\t\t<svg aria-hidden=\"true\" class=\"e-font-icon-svg e-fas-circle\" viewbox=\"0 0 512 512\" xmlns=\"http:\/\/www.w3.org\/2000\/svg\"><path d=\"M256 8C119 8 8 119 8 256s111 248 248 248 248-111 248-248S393 8 256 8z\"><\/path><\/svg>\t\t\t<\/div>\n\t\t<\/div>\n\t\t\t\t\t\t<\/div>\n\t\t\t\t<div class=\"elementor-element elementor-element-6bc0f05 elementor-widget elementor-widget-counter\" data-id=\"6bc0f05\" data-element_type=\"widget\" data-widget_type=\"counter.default\">\n\t\t\t\t\t\t\t<div class=\"elementor-counter\">\n\t\t\t<p class=\"elementor-counter-title\">comit\u00e9s permanents<\/p>\t\t\t<div class=\"elementor-counter-number-wrapper\">\n\t\t\t\t<span class=\"elementor-counter-number-prefix\"><\/span>\n\t\t\t\t<span class=\"elementor-counter-number\" data-duration=\"2000\" data-to-value=\"3\" data-from-value=\"0\" data-delimiter=\",\">0<\/span>\n\t\t\t\t<span class=\"elementor-counter-number-suffix\"><\/span>\n\t\t\t<\/div>\n\t\t<\/div>\n\t\t\t\t\t\t<\/div>\n\t\t\t\t<section class=\"elementor-section elementor-inner-section elementor-element elementor-element-4f1b11c elementor-section-boxed elementor-section-height-default elementor-section-height-default\" data-id=\"4f1b11c\" data-element_type=\"section\">\n\t\t\t\t\t\t<div class=\"elementor-container elementor-column-gap-default\">\n\t\t\t\t\t<div class=\"elementor-column elementor-col-100 elementor-inner-column elementor-element elementor-element-abd5f8c\" data-id=\"abd5f8c\" data-element_type=\"column\">\n\t\t\t<div class=\"elementor-widget-wrap elementor-element-populated\">\n\t\t\t\t\t\t<div class=\"elementor-element elementor-element-0f0fb16 elementor-absolute elementor-view-default elementor-widget elementor-widget-icon\" data-id=\"0f0fb16\" data-element_type=\"widget\" data-settings=\"{&quot;_position&quot;:&quot;absolute&quot;}\" data-widget_type=\"icon.default\">\n\t\t\t\t\t\t\t<div class=\"elementor-icon-wrapper\">\n\t\t\t<div class=\"elementor-icon\">\n\t\t\t<svg aria-hidden=\"true\" class=\"e-font-icon-svg e-fas-circle\" viewbox=\"0 0 512 512\" xmlns=\"http:\/\/www.w3.org\/2000\/svg\"><path d=\"M256 8C119 8 8 119 8 256s111 248 248 248 248-111 248-248S393 8 256 8z\"><\/path><\/svg>\t\t\t<\/div>\n\t\t<\/div>\n\t\t\t\t\t\t<\/div>\n\t\t\t\t<div class=\"elementor-element elementor-element-17a4b85 elementor-widget elementor-widget-counter\" data-id=\"17a4b85\" data-element_type=\"widget\" data-widget_type=\"counter.default\">\n\t\t\t\t\t\t\t<div class=\"elementor-counter\">\n\t\t\t<p class=\"elementor-counter-title\">comit\u00e9s et r\u00e9seaux<\/p>\t\t\t<div class=\"elementor-counter-number-wrapper\">\n\t\t\t\t<span class=\"elementor-counter-number-prefix\"><\/span>\n\t\t\t\t<span class=\"elementor-counter-number\" data-duration=\"2000\" data-to-value=\"34\" data-from-value=\"0\" data-delimiter=\",\">0<\/span>\n\t\t\t\t<span class=\"elementor-counter-number-suffix\"><\/span>\n\t\t\t<\/div>\n\t\t<\/div>\n\t\t\t\t\t\t<\/div>\n\t\t\t\t\t<\/div>\n\t\t<\/div>\n\t\t\t\t\t<\/div>\n\t\t<\/section>\n\t\t\t\t\t<\/div>\n\t\t<\/div>\n\t\t\t\t\t<\/div>\n\t\t<\/section>\n\t\t\t\t<section class=\"elementor-section elementor-inner-section elementor-element elementor-element-acad94d elementor-section-boxed elementor-section-height-default elementor-section-height-default\" data-id=\"acad94d\" data-element_type=\"section\">\n\t\t\t\t\t\t<div class=\"elementor-container elementor-column-gap-default\">\n\t\t\t\t\t<div class=\"elementor-column elementor-col-100 elementor-inner-column elementor-element elementor-element-ff5ca68\" data-id=\"ff5ca68\" data-element_type=\"column\">\n\t\t\t<div class=\"elementor-widget-wrap elementor-element-populated\">\n\t\t\t\t\t\t<div class=\"elementor-element elementor-element-598977d elementor-widget__width-auto elementor-widget elementor-widget-image\" data-id=\"598977d\" data-element_type=\"widget\" data-widget_type=\"image.default\">\n\t\t\t\t\t\t\t\t\t\t\t\t\t\t\t<img fetchpriority=\"high\" decoding=\"async\" width=\"300\" height=\"300\" src=\"https:\/\/annualreport.afmc.ca\/wp-content\/uploads\/2026\/02\/AFMC_AnnualReport-Icon-Education.png\" class=\"attachment-large size-large wp-image-504\" alt=\"\" srcset=\"https:\/\/annualreport.afmc.ca\/wp-content\/uploads\/2026\/02\/AFMC_AnnualReport-Icon-Education.png 300w, https:\/\/annualreport.afmc.ca\/wp-content\/uploads\/2026\/02\/AFMC_AnnualReport-Icon-Education-150x150.png 150w\" sizes=\"(max-width: 300px) 100vw, 300px\" \/>\t\t\t\t\t\t\t\t\t\t\t\t\t\t\t<\/div>\n\t\t\t\t<div class=\"elementor-element elementor-element-6fad8ce elementor-widget elementor-widget-heading\" data-id=\"6fad8ce\" data-element_type=\"widget\" data-widget_type=\"heading.default\">\n\t\t\t\t\t<h5 class=\"elementor-heading-title elementor-size-default\">\u00c9ducation<\/h5>\t\t\t\t<\/div>\n\t\t\t\t<div class=\"elementor-element elementor-element-a7f4e15 elementor-widget elementor-widget-text-editor\" data-id=\"a7f4e15\" data-element_type=\"widget\" data-widget_type=\"text-editor.default\">\n\t\t\t\t\t\t\t\t\t<ul><li>Promotion du bien-\u00eatre gr\u00e2ce aux <a href=\"https:\/\/www.afmc.ca\/wp-content\/uploads\/2026\/01\/AFMC-Wellbeing-Committee-Recommendations-2024_FR.pdf\" target=\"_blank\" rel=\"noopener\">recommandations 2024 en mati\u00e8re de bien-\u00eatre<\/a><img decoding=\"async\" class=\"alignnone size-full wp-image-1129\" src=\"https:\/\/annualreport.afmc.ca\/wp-content\/uploads\/2026\/02\/AFMC_AnnualReport-Icon-PDF.svg\" alt=\"\" width=\"72\" height=\"81\" \/> et \u00e0 la cr\u00e9ation d'un groupe de travail sur le bien-\u00eatre charg\u00e9 d'organiser l'atelier sur le leadership en mati\u00e8re de bien-\u00eatre des m\u00e9decins.<\/li><li>Avancement de l'inclusion en publiant le rapport <a href=\"https:\/\/www.afmc.ca\/wp-content\/uploads\/2025\/05\/Repenser-les-norme-techniques-dans-lEMPr-au-Canada.pdf\" target=\"_blank\" rel=\"noopener\">\u00ab Repenser les normes techniques dans l'enseignement m\u00e9dical de premier cycle au Canada \u00bb<\/a><img decoding=\"async\" class=\"alignnone size-full wp-image-1129\" src=\"https:\/\/annualreport.afmc.ca\/wp-content\/uploads\/2026\/02\/AFMC_AnnualReport-Icon-PDF.svg\" alt=\"\" width=\"72\" height=\"81\" \/> afin de soutenir l'accessibilit\u00e9 pour les apprenant.e.s handicap\u00e9s.<\/li><li>Renforcement de la collaboration gr\u00e2ce au lancement de cinq nouveaux r\u00e9seaux visant \u00e0 favoriser le partage des connaissances entre les facult\u00e9s.<\/li><\/ul>\t\t\t\t\t\t\t\t<\/div>\n\t\t\t\t\t<\/div>\n\t\t<\/div>\n\t\t\t\t\t<\/div>\n\t\t<\/section>\n\t\t\t\t<section class=\"elementor-section elementor-inner-section elementor-element elementor-element-5863ea5 elementor-section-boxed elementor-section-height-default elementor-section-height-default\" data-id=\"5863ea5\" data-element_type=\"section\">\n\t\t\t\t\t\t<div class=\"elementor-container elementor-column-gap-default\">\n\t\t\t\t\t<div class=\"elementor-column elementor-col-100 elementor-inner-column elementor-element elementor-element-e6a8a5e\" data-id=\"e6a8a5e\" data-element_type=\"column\">\n\t\t\t<div class=\"elementor-widget-wrap elementor-element-populated\">\n\t\t\t\t\t\t<div class=\"elementor-element elementor-element-639a81b elementor-widget__width-auto elementor-widget elementor-widget-image\" data-id=\"639a81b\" data-element_type=\"widget\" data-widget_type=\"image.default\">\n\t\t\t\t\t\t\t\t\t\t\t\t\t\t\t<img decoding=\"async\" width=\"300\" height=\"300\" src=\"https:\/\/annualreport.afmc.ca\/wp-content\/uploads\/2026\/02\/AFMC_AnnualReport-Icon-SocialAccountability.png\" class=\"attachment-large size-large wp-image-506\" alt=\"\" srcset=\"https:\/\/annualreport.afmc.ca\/wp-content\/uploads\/2026\/02\/AFMC_AnnualReport-Icon-SocialAccountability.png 300w, https:\/\/annualreport.afmc.ca\/wp-content\/uploads\/2026\/02\/AFMC_AnnualReport-Icon-SocialAccountability-150x150.png 150w\" sizes=\"(max-width: 300px) 100vw, 300px\" \/>\t\t\t\t\t\t\t\t\t\t\t\t\t\t\t<\/div>\n\t\t\t\t<div class=\"elementor-element elementor-element-003586e elementor-widget elementor-widget-heading\" data-id=\"003586e\" data-element_type=\"widget\" data-widget_type=\"heading.default\">\n\t\t\t\t\t<h5 class=\"elementor-heading-title elementor-size-default\">Responsabilit\u00e9 sociale<\/h5>\t\t\t\t<\/div>\n\t\t\t\t<div class=\"elementor-element elementor-element-3678fcc elementor-widget elementor-widget-text-editor\" data-id=\"3678fcc\" data-element_type=\"widget\" data-widget_type=\"text-editor.default\">\n\t\t\t\t\t\t\t\t\t<ul><li>D\u00e9finition des valeurs fondamentales et des principes directeurs qui serviront de base aux futures initiatives en mati\u00e8re de responsabilit\u00e9 sociale.<\/li><li>Formalisation de la <a href=\"https:\/\/www.afmc.ca\/wp-content\/uploads\/2025\/03\/Declaration_contre_le_racisme_2025.pdf\" target=\"_blank\" rel=\"noopener\">d\u00e9claration d'engagement contre le racisme pour les facult\u00e9s de m\u00e9decine canadiennes<\/a><img decoding=\"async\" class=\"alignnone size-full wp-image-1129\" src=\"https:\/\/annualreport.afmc.ca\/wp-content\/uploads\/2026\/02\/AFMC_AnnualReport-Icon-PDF.svg\" alt=\"\" width=\"72\" height=\"81\" \/> et organisation d'une r\u00e9union conjointe contre le racisme au CIMU afin d'acc\u00e9l\u00e9rer le changement syst\u00e9mique.<\/li><li>Hommage rendu aux communaut\u00e9s autochtones gr\u00e2ce \u00e0 une trousse d'outils sur la reconnaissance des terres afin de garantir des pratiques coh\u00e9rentes et respectueuses dans tous les comit\u00e9s et r\u00e9seaux.<\/li><li>Promotion de la durabilit\u00e9 par l'\u00e9laboration de la <a href=\"https:\/\/www.afmc.ca\/wp-content\/uploads\/2025\/09\/AFMC-Roadmap-on-Planetary-Health-FR-Reformatted.pdf\" target=\"_blank\" rel=\"noopener\">feuille de route de l'AFMC pour la sant\u00e9 plan\u00e9taire et les syst\u00e8mes de sant\u00e9 durables \u00e0 l'intention des professionnels de la sant\u00e9 canadiens<\/a><img decoding=\"async\" class=\"alignnone size-full wp-image-1129\" src=\"https:\/\/annualreport.afmc.ca\/wp-content\/uploads\/2026\/02\/AFMC_AnnualReport-Icon-PDF.svg\" alt=\"\" width=\"72\" height=\"81\" \/>, la mise \u00e0 jour des bulletins de la feuille de route et l'organisation d'un forum sur la sant\u00e9 plan\u00e9taire lors du CIMU 2025.<\/li><li>Renforcement de la repr\u00e9sentation gr\u00e2ce \u00e0 un m\u00e9moire de promotion des int\u00e9r\u00eats des minorit\u00e9s francophones afin d'amplifier les voix sous-repr\u00e9sent\u00e9es.<\/li><\/ul>\t\t\t\t\t\t\t\t<\/div>\n\t\t\t\t\t<\/div>\n\t\t<\/div>\n\t\t\t\t\t<\/div>\n\t\t<\/section>\n\t\t\t\t<section class=\"elementor-section elementor-inner-section elementor-element elementor-element-80a4609 elementor-section-boxed elementor-section-height-default elementor-section-height-default\" data-id=\"80a4609\" data-element_type=\"section\">\n\t\t\t\t\t\t<div class=\"elementor-container elementor-column-gap-default\">\n\t\t\t\t\t<div class=\"elementor-column elementor-col-100 elementor-inner-column elementor-element elementor-element-aea2e9c\" data-id=\"aea2e9c\" data-element_type=\"column\">\n\t\t\t<div class=\"elementor-widget-wrap elementor-element-populated\">\n\t\t\t\t\t\t<div class=\"elementor-element elementor-element-3bae8cf elementor-widget elementor-widget-heading\" data-id=\"3bae8cf\" data-element_type=\"widget\" data-widget_type=\"heading.default\">\n\t\t\t\t\t<h5 class=\"elementor-heading-title elementor-size-default\">Recherche<\/h5>\t\t\t\t<\/div>\n\t\t\t\t<div class=\"elementor-element elementor-element-9790cf6 elementor-widget__width-auto elementor-widget elementor-widget-image\" data-id=\"9790cf6\" data-element_type=\"widget\" data-widget_type=\"image.default\">\n\t\t\t\t\t\t\t\t\t\t\t\t\t\t\t<img loading=\"lazy\" decoding=\"async\" width=\"300\" height=\"300\" src=\"https:\/\/annualreport.afmc.ca\/wp-content\/uploads\/2026\/02\/AFMC_AnnualReport-Icon-HealthResearch.png\" class=\"attachment-large size-large wp-image-505\" alt=\"\" srcset=\"https:\/\/annualreport.afmc.ca\/wp-content\/uploads\/2026\/02\/AFMC_AnnualReport-Icon-HealthResearch.png 300w, https:\/\/annualreport.afmc.ca\/wp-content\/uploads\/2026\/02\/AFMC_AnnualReport-Icon-HealthResearch-150x150.png 150w\" sizes=\"(max-width: 300px) 100vw, 300px\" \/>\t\t\t\t\t\t\t\t\t\t\t\t\t\t\t<\/div>\n\t\t\t\t<div class=\"elementor-element elementor-element-a34bbbf elementor-widget elementor-widget-text-editor\" data-id=\"a34bbbf\" data-element_type=\"widget\" data-widget_type=\"text-editor.default\">\n\t\t\t\t\t\t\t\t\t<ul><li>Autonomisation des apprenant.e.s gr\u00e2ce au soutien \u00e0 la cr\u00e9ation d'une organisation nationale repr\u00e9sentant les \u00e9tudiant.e.s dipl\u00f4m\u00e9s et les chercheurs postdoctoraux.<\/li><li>\u00c9largissement des possibilit\u00e9s gr\u00e2ce \u00e0 de nouvelles bourses de recherche en sant\u00e9 et \u00e0 l'enrichissement des programmes du CIMU.<\/li><li>C\u00e9l\u00e9bration de l'excellence gr\u00e2ce au prix Edwin Kroeger pour les scientifiques \u00e9mergents \u00e0 l\u2019\u00e9chelle mondiale.<\/li><li>Renforcement de la pr\u00e9sence mondiale du Canada dans le domaine de la recherche gr\u00e2ce \u00e0 un partenariat renouvel\u00e9 avec la <a href=\"https:\/\/www.gairdner.org\/fr\" target=\"_blank\" rel=\"noopener\">Fondation Gairdner<\/a>\u00a0et au protocole d'entente de Lindau.<\/li><li>Unification de nos efforts de plaidoyer en regroupant les d\u00e9fis de la recherche dans un m\u00e9moire national et en faisant progresser la Strat\u00e9gie de recherche en sant\u00e9 du Canada gr\u00e2ce \u00e0 l'engagement du NIHRIC.<\/li><\/ul>\t\t\t\t\t\t\t\t<\/div>\n\t\t\t\t\t<\/div>\n\t\t<\/div>\n\t\t\t\t\t<\/div>\n\t\t<\/section>\n\t\t\t\t\t<\/div>\n\t\t<\/div>\n\t\t\t\t\t<\/div>\n\t\t<\/section>\n\t\t\t\t<section class=\"elementor-section elementor-inner-section elementor-element elementor-element-b1fd863 animated-slow elementor-section-boxed elementor-section-height-default elementor-section-height-default elementor-invisible\" data-id=\"b1fd863\" data-element_type=\"section\" data-settings=\"{&quot;animation&quot;:&quot;fadeIn&quot;}\">\n\t\t\t\t\t\t<div class=\"elementor-container elementor-column-gap-default\">\n\t\t\t\t\t<div class=\"elementor-column elementor-col-100 elementor-inner-column elementor-element elementor-element-26427c2\" data-id=\"26427c2\" data-element_type=\"column\">\n\t\t\t<div class=\"elementor-widget-wrap elementor-element-populated\">\n\t\t\t\t\t\t<div class=\"elementor-element elementor-element-73f5e81 elementor-widget elementor-widget-spacer\" data-id=\"73f5e81\" data-element_type=\"widget\" id=\"Building\" data-widget_type=\"spacer.default\">\n\t\t\t\t\t\t\t<div class=\"elementor-spacer\">\n\t\t\t<div class=\"elementor-spacer-inner\"><\/div>\n\t\t<\/div>\n\t\t\t\t\t\t<\/div>\n\t\t\t\t<div class=\"elementor-element elementor-element-764f560 elementor-widget elementor-widget-heading\" data-id=\"764f560\" data-element_type=\"widget\" data-widget_type=\"heading.default\">\n\t\t\t\t\t<h4 class=\"elementor-heading-title elementor-size-default\">Cr\u00e9er des espaces plus s\u00fbrs et inclusifs en \u00e9ducation m\u00e9dicale<\/h4>\t\t\t\t<\/div>\n\t\t\t\t<section class=\"elementor-section elementor-inner-section elementor-element elementor-element-9a62f79 elementor-section-boxed elementor-section-height-default elementor-section-height-default\" data-id=\"9a62f79\" data-element_type=\"section\">\n\t\t\t\t\t\t<div class=\"elementor-container elementor-column-gap-default\">\n\t\t\t\t\t<div class=\"elementor-column elementor-col-100 elementor-inner-column elementor-element elementor-element-4762f9d\" data-id=\"4762f9d\" data-element_type=\"column\">\n\t\t\t<div class=\"elementor-widget-wrap elementor-element-populated\">\n\t\t\t\t\t\t<div class=\"elementor-element elementor-element-b6e8858 elementor-widget__width-auto elementor-widget elementor-widget-image\" data-id=\"b6e8858\" data-element_type=\"widget\" data-widget_type=\"image.default\">\n\t\t\t\t\t\t\t\t\t\t\t\t\t\t\t\t<a href=\"https:\/\/cami-icmu.ca\/fr\" target=\"_blank\">\n\t\t\t\t\t\t\t<img loading=\"lazy\" decoding=\"async\" width=\"800\" height=\"221\" src=\"https:\/\/annualreport.afmc.ca\/wp-content\/uploads\/2026\/02\/Logo-CAMI-FR_Colour-wTitle_Horizontal-scaled.png\" class=\"attachment-large size-large wp-image-991\" alt=\"\" srcset=\"https:\/\/annualreport.afmc.ca\/wp-content\/uploads\/2026\/02\/Logo-CAMI-FR_Colour-wTitle_Horizontal-scaled.png 2560w, https:\/\/annualreport.afmc.ca\/wp-content\/uploads\/2026\/02\/Logo-CAMI-FR_Colour-wTitle_Horizontal-300x78.png 300w, https:\/\/annualreport.afmc.ca\/wp-content\/uploads\/2026\/02\/Logo-CAMI-FR_Colour-wTitle_Horizontal-1024x265.png 1024w, https:\/\/annualreport.afmc.ca\/wp-content\/uploads\/2026\/02\/Logo-CAMI-FR_Colour-wTitle_Horizontal-768x199.png 768w, https:\/\/annualreport.afmc.ca\/wp-content\/uploads\/2026\/02\/Logo-CAMI-FR_Colour-wTitle_Horizontal-1536x398.png 1536w, https:\/\/annualreport.afmc.ca\/wp-content\/uploads\/2026\/02\/Logo-CAMI-FR_Colour-wTitle_Horizontal-2048x531.png 2048w\" sizes=\"(max-width: 800px) 100vw, 800px\" \/>\t\t\t\t\t\t\t\t<\/a>\n\t\t\t\t\t\t\t\t\t\t\t\t\t\t\t<\/div>\n\t\t\t\t<div class=\"elementor-element elementor-element-9f1d127 elementor-widget elementor-widget-text-editor\" data-id=\"9f1d127\" data-element_type=\"widget\" data-widget_type=\"text-editor.default\">\n\t\t\t\t\t\t\t\t\t<p>Partout au Canada, la communaut\u00e9 m\u00e9dicale universitaire est confront\u00e9e \u00e0 des pressions croissantes, allant de l'\u00e9puisement professionnel et des probl\u00e8mes de sant\u00e9 mentale aux in\u00e9galit\u00e9s syst\u00e9miques et aux barri\u00e8res culturelles. La s\u00e9curit\u00e9 sous toutes ses formes \u2013 physique, psychologique et culturelle \u2013 n'est plus une option, elle est essentielle pour l'avenir des soins de sant\u00e9.<\/p><p>Fort du succ\u00e8s initial de l'initiative sur la culture de la m\u00e9decine universitaire (ICMU) de 2022 \u00e0 2025, l'AFMC contribue d\u00e9sormais \u00e0 susciter des changements encore plus positifs gr\u00e2ce \u00e0 l\u2019 <a href=\"https:\/\/cami-icmu.ca\/fr\" target=\"_blank\" rel=\"noopener\">ICMU-VSAP (Vers une s\u00e9curit\u00e9 accrue des prestataires)<\/a>, une initiative triennale visant \u00e0 int\u00e9grer la s\u00e9curit\u00e9 physique, psychologique et culturelle (PPC) dans toutes les facult\u00e9s de m\u00e9decine du Canada. Cette nouvelle phase est rendue possible gr\u00e2ce au soutien de l'Association m\u00e9dicale canadienne, de Gestion financi\u00e8re MD inc. et de la Banque Scotia.<\/p><p>En collaboration avec les apprenant.e.s, les professeurs, les groupes m\u00e9ritant l'\u00e9quit\u00e9 et les patients, l'ICMU-VSAP s'appuie sur la <a href=\"https:\/\/www.chpcn.ca\/okanagan-charter\" target=\"_blank\" rel=\"noopener\">Charte de l'Okanagan<\/a> pour cr\u00e9er des environnements favorables \u00e0 la sant\u00e9 o\u00f9 la s\u00e9curit\u00e9 PPC devient la norme et non l'exception.<\/p>\t\t\t\t\t\t\t\t<\/div>\n\t\t\t\t\t<\/div>\n\t\t<\/div>\n\t\t\t\t\t<\/div>\n\t\t<\/section>\n\t\t\t\t\t<\/div>\n\t\t<\/div>\n\t\t\t\t\t<\/div>\n\t\t<\/section>\n\t\t\t\t<section class=\"elementor-section elementor-inner-section elementor-element elementor-element-b3be9d8 animated-slow elementor-section-boxed elementor-section-height-default elementor-section-height-default elementor-invisible\" data-id=\"b3be9d8\" data-element_type=\"section\" data-settings=\"{&quot;animation&quot;:&quot;fadeIn&quot;}\">\n\t\t\t\t\t\t<div class=\"elementor-container elementor-column-gap-default\">\n\t\t\t\t\t<div class=\"elementor-column elementor-col-100 elementor-inner-column elementor-element elementor-element-7e94220\" data-id=\"7e94220\" data-element_type=\"column\">\n\t\t\t<div class=\"elementor-widget-wrap elementor-element-populated\">\n\t\t\t\t\t\t<div class=\"elementor-element elementor-element-2f6648e elementor-widget elementor-widget-spacer\" data-id=\"2f6648e\" data-element_type=\"widget\" id=\"Standing\" data-widget_type=\"spacer.default\">\n\t\t\t\t\t\t\t<div class=\"elementor-spacer\">\n\t\t\t<div class=\"elementor-spacer-inner\"><\/div>\n\t\t<\/div>\n\t\t\t\t\t\t<\/div>\n\t\t\t\t<div class=\"elementor-element elementor-element-bc5d240 elementor-widget elementor-widget-heading\" data-id=\"bc5d240\" data-element_type=\"widget\" data-widget_type=\"heading.default\">\n\t\t\t\t\t<h4 class=\"elementor-heading-title elementor-size-default\">Unis pour l'\u00e9quit\u00e9 et l'inclusion<\/h4>\t\t\t\t<\/div>\n\t\t\t\t<section class=\"elementor-section elementor-inner-section elementor-element elementor-element-5d4715c elementor-section-boxed elementor-section-height-default elementor-section-height-default\" data-id=\"5d4715c\" data-element_type=\"section\">\n\t\t\t\t\t\t<div class=\"elementor-container elementor-column-gap-default\">\n\t\t\t\t\t<div class=\"elementor-column elementor-col-100 elementor-inner-column elementor-element elementor-element-85ac3db\" data-id=\"85ac3db\" data-element_type=\"column\">\n\t\t\t<div class=\"elementor-widget-wrap elementor-element-populated\">\n\t\t\t\t\t\t<div class=\"elementor-element elementor-element-2a71907 elementor-widget elementor-widget-text-editor\" data-id=\"2a71907\" data-element_type=\"widget\" data-widget_type=\"text-editor.default\">\n\t\t\t\t\t\t\t\t\t<p>Les in\u00e9galit\u00e9s persistantes et le racisme syst\u00e9mique continuent de fa\u00e7onner les exp\u00e9riences dans le domaine de l\u2019\u00e9ducation m\u00e9dicale et des soins de sant\u00e9, ce qui a des r\u00e9percussions sur les apprenant.e.s, les professeurs et, en fin de compte, les r\u00e9sultats pour les patients. En avril 2025, les 18 facult\u00e9s de m\u00e9decine canadiennes de l\u2019\u00e9poque se sont unies dans le cadre de <a href=\"https:\/\/www.afmc.ca\/wp-content\/uploads\/2025\/03\/Declaration_contre_le_racisme_2025.pdf\" target=\"_blank\" rel=\"noopener\">l'engagement antiraciste de l'AFMC pour les facult\u00e9s de m\u00e9decine canadiennes<\/a><img decoding=\"async\" class=\"alignnone size-full wp-image-1129\" src=\"https:\/\/annualreport.afmc.ca\/wp-content\/uploads\/2026\/02\/AFMC_AnnualReport-Icon-PDF.svg\" alt=\"\" width=\"72\" height=\"81\" \/>, lan\u00e7ant un plan d'action national visant \u00e0 int\u00e9grer l'\u00e9quit\u00e9, la responsabilit\u00e9 et l'inclusion dans les admissions, les programmes d'\u00e9tudes, la recherche, le perfectionnement du corps professoral et les politiques institutionnelles.<\/p><p>L'engagement de l'AFMC se refl\u00e8te \u00e9galement dans le travail de nos comit\u00e9s ax\u00e9s sur l'\u00e9quit\u00e9, qui ont fait progresser des initiatives concr\u00e8tes cette ann\u00e9e :<\/p><ul><li><strong>Le Comit\u00e9 sur la sant\u00e9, l'innovation et l'avancement des Noirs<\/strong> est pass\u00e9 de la planification \u00e0 la mise en \u0153uvre, renfor\u00e7ant les capacit\u00e9s de recherche et faisant progresser les recommandations fond\u00e9es sur des preuves afin de renforcer la responsabilit\u00e9 et d'am\u00e9liorer le bien-\u00eatre des \u00e9tudiant.e.s et des professeurs noirs.<\/li><li><strong>Le Comit\u00e9 sur la sant\u00e9 des Autochtones<\/strong> a renforc\u00e9 la repr\u00e9sentation des Autochtones dans la gouvernance en soutenant le recrutement de la premi\u00e8re personne autochtone \u00e0 si\u00e9ger au conseil d'administration de l'AFMC, garantissant ainsi que l'exp\u00e9rience v\u00e9cue alimente les politiques et les normes nationales.<\/li><li><strong>Le R\u00e9seau des minorit\u00e9s francophones<\/strong> a d\u00e9fendu l'\u00e9quit\u00e9 linguistique et le changement syst\u00e9mique, ce qui a abouti \u00e0 la cr\u00e9ation du Prix du leadership de l'AFMC pour la promotion de la sant\u00e9 dans les communaut\u00e9s francophones.<\/li><\/ul>\t\t\t\t\t\t\t\t<\/div>\n\t\t\t\t\t<\/div>\n\t\t<\/div>\n\t\t\t\t\t<\/div>\n\t\t<\/section>\n\t\t\t\t\t<\/div>\n\t\t<\/div>\n\t\t\t\t\t<\/div>\n\t\t<\/section>\n\t\t\t\t<section class=\"elementor-section elementor-inner-section elementor-element elementor-element-88e26f1 animated-slow elementor-section-boxed elementor-section-height-default elementor-section-height-default elementor-invisible\" data-id=\"88e26f1\" data-element_type=\"section\" data-settings=\"{&quot;animation&quot;:&quot;fadeIn&quot;}\">\n\t\t\t\t\t\t<div class=\"elementor-container elementor-column-gap-default\">\n\t\t\t\t\t<div class=\"elementor-column elementor-col-100 elementor-inner-column elementor-element elementor-element-eb79e08\" data-id=\"eb79e08\" data-element_type=\"column\">\n\t\t\t<div class=\"elementor-widget-wrap elementor-element-populated\">\n\t\t\t\t\t\t<div class=\"elementor-element elementor-element-f946e89 elementor-widget elementor-widget-spacer\" data-id=\"f946e89\" data-element_type=\"widget\" id=\"Promoting\" data-widget_type=\"spacer.default\">\n\t\t\t\t\t\t\t<div class=\"elementor-spacer\">\n\t\t\t<div class=\"elementor-spacer-inner\"><\/div>\n\t\t<\/div>\n\t\t\t\t\t\t<\/div>\n\t\t\t\t<div class=\"elementor-element elementor-element-fc864b2 elementor-widget elementor-widget-heading\" data-id=\"fc864b2\" data-element_type=\"widget\" data-widget_type=\"heading.default\">\n\t\t\t\t\t<h4 class=\"elementor-heading-title elementor-size-default\">Promouvoir l'accessibilit\u00e9 et l'inclusion des apprenant.e.s handicap\u00e9s<\/h4>\t\t\t\t<\/div>\n\t\t\t\t<section class=\"elementor-section elementor-inner-section elementor-element elementor-element-5ac9b34 elementor-section-boxed elementor-section-height-default elementor-section-height-default\" data-id=\"5ac9b34\" data-element_type=\"section\">\n\t\t\t\t\t\t<div class=\"elementor-container elementor-column-gap-default\">\n\t\t\t\t\t<div class=\"elementor-column elementor-col-100 elementor-inner-column elementor-element elementor-element-0446794\" data-id=\"0446794\" data-element_type=\"column\">\n\t\t\t<div class=\"elementor-widget-wrap elementor-element-populated\">\n\t\t\t\t\t\t<div class=\"elementor-element elementor-element-014e80a elementor-widget elementor-widget-text-editor\" data-id=\"014e80a\" data-element_type=\"widget\" data-widget_type=\"text-editor.default\">\n\t\t\t\t\t\t\t\t\t<p>Cette ann\u00e9e, l'AFMC a publi\u00e9 le rapport <a href=\"https:\/\/www.afmc.ca\/wp-content\/uploads\/2025\/05\/Repenser-les-norme-techniques-dans-lEMPr-au-Canada.pdf\" target=\"_blank\" rel=\"noopener\">\u00ab Repenser les normes techniques dans l'enseignement m\u00e9dical de premier cycle au Canada \u00bb<\/a><img decoding=\"async\" class=\"alignnone size-full wp-image-1129\" src=\"https:\/\/annualreport.afmc.ca\/wp-content\/uploads\/2026\/02\/AFMC_AnnualReport-Icon-PDF.svg\" alt=\"\" width=\"72\" height=\"81\" \/>, un rapport pr\u00e9sentant un cadre fond\u00e9 sur les comp\u00e9tences qui \u00e9limine les obstacles, favorise la conception universelle et assure des mesures d\u2019adaptation significatives. Dirig\u00e9e par Cheryl Holmes, doyenne associ\u00e9e \u00e0 l\u2019\u00e9ducation m\u00e9dicale de premier cycle \u00e0 la Facult\u00e9 de m\u00e9decine de l\u2019Universit\u00e9 de la Colombie-Britannique, cette r\u00e9vision nationale \u00e9tablit une nouvelle r\u00e9f\u00e9rence en mati\u00e8re d\u2019\u00e9quit\u00e9 dans l\u2019\u00e9ducation m\u00e9dicale.<\/p>\t\t\t\t\t\t\t\t<\/div>\n\t\t\t\t\t<\/div>\n\t\t<\/div>\n\t\t\t\t\t<\/div>\n\t\t<\/section>\n\t\t\t\t\t<\/div>\n\t\t<\/div>\n\t\t\t\t\t<\/div>\n\t\t<\/section>\n\t\t\t\t<section class=\"elementor-section elementor-inner-section elementor-element elementor-element-bf36da5 animated-slow elementor-section-boxed elementor-section-height-default elementor-section-height-default elementor-invisible\" data-id=\"bf36da5\" data-element_type=\"section\" data-settings=\"{&quot;animation&quot;:&quot;fadeIn&quot;}\">\n\t\t\t\t\t\t<div class=\"elementor-container elementor-column-gap-default\">\n\t\t\t\t\t<div class=\"elementor-column elementor-col-100 elementor-inner-column elementor-element elementor-element-c499ebe\" data-id=\"c499ebe\" data-element_type=\"column\">\n\t\t\t<div class=\"elementor-widget-wrap elementor-element-populated\">\n\t\t\t\t\t\t<div class=\"elementor-element elementor-element-3efa5f9 elementor-widget elementor-widget-spacer\" data-id=\"3efa5f9\" data-element_type=\"widget\" id=\"Advancing\" data-widget_type=\"spacer.default\">\n\t\t\t\t\t\t\t<div class=\"elementor-spacer\">\n\t\t\t<div class=\"elementor-spacer-inner\"><\/div>\n\t\t<\/div>\n\t\t\t\t\t\t<\/div>\n\t\t\t\t<div class=\"elementor-element elementor-element-f448f62 elementor-widget elementor-widget-heading\" data-id=\"f448f62\" data-element_type=\"widget\" data-widget_type=\"heading.default\">\n\t\t\t\t\t<h4 class=\"elementor-heading-title elementor-size-default\">Favoriser la responsabilisation gr\u00e2ce \u00e0 un leadership dirig\u00e9 par les Noirs<\/h4>\t\t\t\t<\/div>\n\t\t\t\t<section class=\"elementor-section elementor-inner-section elementor-element elementor-element-eb76b29 elementor-section-boxed elementor-section-height-default elementor-section-height-default\" data-id=\"eb76b29\" data-element_type=\"section\">\n\t\t\t\t\t\t<div class=\"elementor-container elementor-column-gap-default\">\n\t\t\t\t\t<div class=\"elementor-column elementor-col-100 elementor-inner-column elementor-element elementor-element-f41a57f\" data-id=\"f41a57f\" data-element_type=\"column\">\n\t\t\t<div class=\"elementor-widget-wrap elementor-element-populated\">\n\t\t\t\t\t\t<div class=\"elementor-element elementor-element-9504c19 elementor-widget elementor-widget-text-editor\" data-id=\"9504c19\" data-element_type=\"widget\" data-widget_type=\"text-editor.default\">\n\t\t\t\t\t\t\t\t\t<p>L\u2019Association Canadienne des \u00c9tudiants Noirs en M\u00e9decine (BMSAC), avec le soutien de l'AFMC, a dirig\u00e9 l'\u00e9laboration des premiers bulletins pancanadiens et sp\u00e9cifiques \u00e0 chaque facult\u00e9 \u00e9valuant les progr\u00e8s r\u00e9alis\u00e9s dans la lutte contre le racisme anti-Noirs dans l'\u00e9ducation m\u00e9dicale de premier cycle. Les 17 facult\u00e9s de m\u00e9decine canadiennes de l'\u00e9poque y ont particip\u00e9, d\u00e9montrant ainsi leur engagement commun en faveur de la responsabilit\u00e9, de l'\u00e9quit\u00e9 et d'actions mesurables.<\/p><p>En mettant l'accent sur le leadership et l'exp\u00e9rience v\u00e9cue des apprenant.e.s noirs, cette initiative fournit un cadre transparent et fond\u00e9 sur des donn\u00e9es probantes pour une am\u00e9lioration continue. Ce travail favorise des environnements d'apprentissage plus s\u00fbrs et plus inclusifs et cr\u00e9e un pr\u00e9c\u00e9dent pour un changement men\u00e9 par les apprenant.e.s \u00e0 l'\u00e9chelle nationale.<\/p>\t\t\t\t\t\t\t\t<\/div>\n\t\t\t\t\t<\/div>\n\t\t<\/div>\n\t\t\t\t\t<\/div>\n\t\t<\/section>\n\t\t\t\t\t<\/div>\n\t\t<\/div>\n\t\t\t\t\t<\/div>\n\t\t<\/section>\n\t\t\t\t\t<\/div>\n\t\t<\/div>\n\t\t\t\t\t<\/div>\n\t\t<\/section>\n\t\t\t\t<section class=\"elementor-section elementor-top-section elementor-element elementor-element-346e230 elementor-section-full_width elementor-section-stretched elementor-section-height-default elementor-section-height-default\" data-id=\"346e230\" data-element_type=\"section\" data-settings=\"{&quot;stretch_section&quot;:&quot;section-stretched&quot;}\">\n\t\t\t\t\t\t<div class=\"elementor-container elementor-column-gap-default\">\n\t\t\t\t\t<div class=\"make-column-clickable-elementor elementor-column elementor-col-50 elementor-top-column elementor-element elementor-element-d276b09\" style=\"cursor: pointer;\" data-column-clickable=\"https:\/\/annualreport.afmc.ca\/fr\/ceos-message\/\" data-column-clickable-blank=\"_self\" data-id=\"d276b09\" data-element_type=\"column\" data-settings=\"{&quot;background_background&quot;:&quot;classic&quot;}\">\n\t\t\t<div class=\"elementor-widget-wrap elementor-element-populated\">\n\t\t\t\t\t\t<div class=\"elementor-element elementor-element-39e131b elementor-widget elementor-widget-text-editor\" data-id=\"39e131b\" data-element_type=\"widget\" data-widget_type=\"text-editor.default\">\n\t\t\t\t\t\t\t\t\t<p>\u2014<\/p>\t\t\t\t\t\t\t\t<\/div>\n\t\t\t\t<div class=\"elementor-element elementor-element-6719231 elementor-widget elementor-widget-heading\" data-id=\"6719231\" data-element_type=\"widget\" data-widget_type=\"heading.default\">\n\t\t\t\t\t<h3 class=\"elementor-heading-title elementor-size-default\">Message de<br>\nnotre PDG<\/h3>\t\t\t\t<\/div>\n\t\t\t\t<div class=\"elementor-element elementor-element-9e42ef8 elementor-widget elementor-widget-spacer\" data-id=\"9e42ef8\" data-element_type=\"widget\" data-widget_type=\"spacer.default\">\n\t\t\t\t\t\t\t<div class=\"elementor-spacer\">\n\t\t\t<div class=\"elementor-spacer-inner\"><\/div>\n\t\t<\/div>\n\t\t\t\t\t\t<\/div>\n\t\t\t\t<div class=\"elementor-element elementor-element-96f32cd elementor-widget elementor-widget-html\" data-id=\"96f32cd\" data-element_type=\"widget\" data-widget_type=\"html.default\">\n\t\t\t\t\t<link href=\"https:\/\/cdnjs.cloudflare.com\/ajax\/libs\/font-awesome\/6.1.1\/css\/all.min.css\" rel=\"stylesheet\" \/>\n\n<button><svg class=\"HoverArrow\" aria-hidden=\"true\"><g fill-rule=\"evenodd\"><path class=\"HoverArrow__linePath\" d=\"M 1005 11 H 5 M 15 21 L 5 11 L 15 1\"\/><\/g><\/svg><\/button>\t\t\t\t<\/div>\n\t\t\t\t\t<\/div>\n\t\t<\/div>\n\t\t\t\t<div class=\"make-column-clickable-elementor elementor-column elementor-col-50 elementor-top-column elementor-element elementor-element-7c18a4e\" style=\"cursor: pointer;\" data-column-clickable=\"https:\/\/annualreport.afmc.ca\/fr\/supporting-learners\/\" data-column-clickable-blank=\"_self\" data-id=\"7c18a4e\" data-element_type=\"column\" data-settings=\"{&quot;background_background&quot;:&quot;classic&quot;}\">\n\t\t\t<div class=\"elementor-widget-wrap elementor-element-populated\">\n\t\t\t\t\t\t<div class=\"elementor-element elementor-element-16c001f elementor-widget elementor-widget-text-editor\" data-id=\"16c001f\" data-element_type=\"widget\" data-widget_type=\"text-editor.default\">\n\t\t\t\t\t\t\t\t\t<p>02<\/p>\t\t\t\t\t\t\t\t<\/div>\n\t\t\t\t<div class=\"elementor-element elementor-element-e1c1d11 elementor-widget elementor-widget-heading\" data-id=\"e1c1d11\" data-element_type=\"widget\" data-widget_type=\"heading.default\">\n\t\t\t\t\t<h3 class=\"elementor-heading-title elementor-size-default\">Soutenir<br>\nles apprenant.e.s<\/h3>\t\t\t\t<\/div>\n\t\t\t\t<div class=\"elementor-element elementor-element-7027f90 elementor-widget elementor-widget-spacer\" data-id=\"7027f90\" data-element_type=\"widget\" data-widget_type=\"spacer.default\">\n\t\t\t\t\t\t\t<div class=\"elementor-spacer\">\n\t\t\t<div class=\"elementor-spacer-inner\"><\/div>\n\t\t<\/div>\n\t\t\t\t\t\t<\/div>\n\t\t\t\t<div class=\"elementor-element elementor-element-0974f13 elementor-widget elementor-widget-html\" data-id=\"0974f13\" data-element_type=\"widget\" data-widget_type=\"html.default\">\n\t\t\t\t\t<link href=\"https:\/\/cdnjs.cloudflare.com\/ajax\/libs\/font-awesome\/6.1.1\/css\/all.min.css\" rel=\"stylesheet\" \/>\n\n<button><svg class=\"HoverArrow\" aria-hidden=\"true\"><g fill-rule=\"evenodd\"><path class=\"HoverArrow__linePath\" d=\"M -5 11 H 995 M 985 1 L 995 11 L 985 21\"\/><\/g><\/svg><\/button>\t\t\t\t<\/div>\n\t\t\t\t\t<\/div>\n\t\t<\/div>\n\t\t\t\t\t<\/div>\n\t\t<\/section>\n\t\t\t\t<\/div>","protected":false},"excerpt":{"rendered":"<p>01 Shaping National Education Standards We bring together national expertise to strengthen and align medical education standards across Canada. Area of Impact 1\u2014 Shaping National Education Standards Jump to&#8230; Celebrating the Collective Impact of our Committees Building Safer, Inclusive Spaces in Medical Education Standing Together for Equity and Inclusion Promoting Accessibility and Inclusion for Learners [&hellip;]<\/p>","protected":false},"author":3,"featured_media":0,"parent":0,"menu_order":0,"comment_status":"closed","ping_status":"closed","template":"","meta":{"footnotes":""},"class_list":["post-34","page","type-page","status-publish","hentry"],"_links":{"self":[{"href":"https:\/\/annualreport.afmc.ca\/fr\/wp-json\/wp\/v2\/pages\/34","targetHints":{"allow":["GET"]}}],"collection":[{"href":"https:\/\/annualreport.afmc.ca\/fr\/wp-json\/wp\/v2\/pages"}],"about":[{"href":"https:\/\/annualreport.afmc.ca\/fr\/wp-json\/wp\/v2\/types\/page"}],"author":[{"embeddable":true,"href":"https:\/\/annualreport.afmc.ca\/fr\/wp-json\/wp\/v2\/users\/3"}],"replies":[{"embeddable":true,"href":"https:\/\/annualreport.afmc.ca\/fr\/wp-json\/wp\/v2\/comments?post=34"}],"version-history":[{"count":204,"href":"https:\/\/annualreport.afmc.ca\/fr\/wp-json\/wp\/v2\/pages\/34\/revisions"}],"predecessor-version":[{"id":1771,"href":"https:\/\/annualreport.afmc.ca\/fr\/wp-json\/wp\/v2\/pages\/34\/revisions\/1771"}],"wp:attachment":[{"href":"https:\/\/annualreport.afmc.ca\/fr\/wp-json\/wp\/v2\/media?parent=34"}],"curies":[{"name":"wp","href":"https:\/\/api.w.org\/{rel}","templated":true}]}}